{"id":50,"date":"2024-08-18T17:12:13","date_gmt":"2024-08-18T17:12:13","guid":{"rendered":"https:\/\/aefmup.pt\/?page_id=50"},"modified":"2024-08-18T17:33:08","modified_gmt":"2024-08-18T17:33:08","slug":"espacos","status":"publish","type":"page","link":"https:\/\/aefmup.pt\/?page_id=50","title":{"rendered":"Espa\u00e7os"},"content":{"rendered":"\t\t<div data-elementor-type=\"wp-page\" data-elementor-id=\"50\" class=\"elementor elementor-50\">\n\t\t\t\t<div class=\"elementor-element elementor-element-aa9d975 e-flex e-con-boxed wpr-particle-no wpr-jarallax-no wpr-parallax-no wpr-sticky-section-no e-con e-parent\" data-id=\"aa9d975\" data-element_type=\"container\">\n\t\t\t\t\t<div class=\"e-con-inner\">\n\t\t\t\t\t<\/div>\n\t\t\t\t<\/div>\n\t\t<div class=\"elementor-element elementor-element-d46a15c e-flex e-con-boxed wpr-particle-no wpr-jarallax-no wpr-parallax-no wpr-sticky-section-no e-con e-parent\" data-id=\"d46a15c\" data-element_type=\"container\">\n\t\t\t\t\t<div class=\"e-con-inner\">\n\t\t<div class=\"elementor-element elementor-element-0466a80 e-con-full e-flex wpr-particle-no wpr-jarallax-no wpr-parallax-no wpr-sticky-section-no e-con e-child\" data-id=\"0466a80\" data-element_type=\"container\">\n\t\t\t\t<div class=\"elementor-element elementor-element-2892221 elementor-widget elementor-widget-heading\" data-id=\"2892221\" data-element_type=\"widget\" data-widget_type=\"heading.default\">\n\t\t\t\t<div class=\"elementor-widget-container\">\n\t\t\t<h2 class=\"elementor-heading-title elementor-size-default\">Espa\u00e7os<\/h2>\t\t<\/div>\n\t\t\t\t<\/div>\n\t\t\t\t<div class=\"elementor-element elementor-element-b5ef55e elementor-widget elementor-widget-text-editor\" data-id=\"b5ef55e\" data-element_type=\"widget\" data-widget_type=\"text-editor.default\">\n\t\t\t\t<div class=\"elementor-widget-container\">\n\t\t\t\t\t\t\t<p>A\u00a0AEFMUP est\u00e1 sediada no piso 01 do Hospital de S\u00e3o Jo\u00e3o, tendo a seu cargo a gest\u00e3o patrimonial do denominado \u201ccorredor da Associa\u00e7\u00e3o\u201d, onde est\u00e3o criados v\u00e1rios espa\u00e7os de servi\u00e7os, junto ao bar dos Servi\u00e7os de A\u00e7\u00e3o Social da Universidade do Porto, bem como as pr\u00f3prias instala\u00e7\u00f5es da AE, organizadas de acordo com o seguinte:<\/p><ol><li><strong>Secretaria da AEFMUP<\/strong>\u00a0\u2013\u00a0Espa\u00e7o de atendimento aos estudantes e p\u00fablico em geral pela funcion\u00e1ria Idalina Chibante e onde \u00e9 efetuado o secretariado da AEFMUP.<\/li><li><strong>Sala Prof. Hern\u00e2ni Monteiro<\/strong>\u00a0\u2013\u00a0Sala de trabalho da Dire\u00e7\u00e3o. Local onde se processa o trabalho di\u00e1rio de organiza\u00e7\u00e3o de atividades, interven\u00e7\u00e3o pedag\u00f3gica e de gest\u00e3o patrimonial e financeira.<\/li><li><strong>Sala de Estudo Prof. Daniel Moura<\/strong>\u00a0\u2013 Local destinado aos estudantes da FMUP, aberto durante a semana.<\/li><li><strong>Sala de Estudo Prof. Doutor Joaquim Pinto Machado<\/strong>\u00a0\u2013\u00a0Local destinado aos estudantes da FMUP, aberto 24h por dia.<\/li><li><strong>Sal\u00e3o de Alunos<\/strong>\u00a0\u2013\u00a0Espa\u00e7o de lazer com cerca de 250m2\u00a0destinado aos alunos da FMUP.<\/li><li><strong>Videoteca<\/strong>\u00a0\u2013\u00a0Espa\u00e7o inserido no Sal\u00e3o de Alunos e equipado com material audiovisual.<\/li><li><strong>Corredor Comercial<\/strong>\u00a0\u2013\u00a0Corredor comercial gerido pela AEFMUP onde se podem encontrar um\u00a0centro de c\u00f3pias, um snack-bar, uma tipografia, um centro de fotografia e telecomunica\u00e7\u00f5es, uma seguradora e uma ourivesaria.<\/li><li><strong>Loja Editorial<\/strong>\u00a0\u2013\u00a0Loja da associa\u00e7\u00e3o onde s\u00e3o vendidas as sebentas did\u00e1ticas, material de apoio m\u00e9dico e ainda os diversos artigos de merchandising produzidos pelas Comiss\u00f5es de Curso. \u00c9 o local de trabalho da funcion\u00e1ria Marta Sousa.<\/li><li><strong>Cacifos<\/strong>\u00a0\u2013\u00a0Zona onde est\u00e3o localizados cerca de 400 cacifos, geridos pela AEFMUP e que s\u00e3o cedidos aos seus associados.<\/li><\/ol>\t\t\t\t\t\t<\/div>\n\t\t\t\t<\/div>\n\t\t\t\t<\/div>\n\t\t\t\t\t<\/div>\n\t\t\t\t<\/div>\n\t\t\t\t<\/div>\n\t\t","protected":false},"excerpt":{"rendered":"<p>Espa\u00e7os A\u00a0AEFMUP est\u00e1 sediada no piso 01 do Hospital de S\u00e3o Jo\u00e3o, tendo a seu cargo a gest\u00e3o patrimonial do denominado \u201ccorredor da Associa\u00e7\u00e3o\u201d, onde est\u00e3o criados v\u00e1rios espa\u00e7os de servi\u00e7os, junto ao bar dos Servi\u00e7os de A\u00e7\u00e3o Social da Universidade do Porto, bem como as pr\u00f3prias instala\u00e7\u00f5es da AE, organizadas de acordo com o seguinte: Secretaria da AEFMUP\u00a0\u2013\u00a0Espa\u00e7o de atendimento aos estudantes e p\u00fablico em geral pela funcion\u00e1ria Idalina Chibante e onde \u00e9 efetuado o secretariado da AEFMUP. Sala Prof. Hern\u00e2ni Monteiro\u00a0\u2013\u00a0Sala de trabalho da Dire\u00e7\u00e3o. Local onde se processa o trabalho di\u00e1rio de organiza\u00e7\u00e3o de atividades, interven\u00e7\u00e3o pedag\u00f3gica e de gest\u00e3o patrimonial e financeira. Sala de Estudo Prof. Daniel Moura\u00a0\u2013 Local destinado aos estudantes da FMUP, aberto durante a semana. Sala de Estudo Prof. Doutor Joaquim Pinto Machado\u00a0\u2013\u00a0Local destinado aos estudantes da FMUP, aberto 24h por dia. Sal\u00e3o de Alunos\u00a0\u2013\u00a0Espa\u00e7o de lazer com cerca de 250m2\u00a0destinado aos alunos da FMUP. Videoteca\u00a0\u2013\u00a0Espa\u00e7o inserido no Sal\u00e3o de Alunos e equipado com material audiovisual. Corredor Comercial\u00a0\u2013\u00a0Corredor comercial gerido pela AEFMUP onde se podem encontrar um\u00a0centro de c\u00f3pias, um snack-bar, uma tipografia, um centro de fotografia e telecomunica\u00e7\u00f5es, uma seguradora e uma ourivesaria. Loja Editorial\u00a0\u2013\u00a0Loja da associa\u00e7\u00e3o onde s\u00e3o vendidas as sebentas did\u00e1ticas, material de apoio m\u00e9dico e ainda os diversos artigos de merchandising produzidos pelas Comiss\u00f5es de Curso. \u00c9 o local de trabalho da funcion\u00e1ria Marta Sousa. Cacifos\u00a0\u2013\u00a0Zona onde est\u00e3o localizados cerca de 400 cacifos, geridos pela AEFMUP e que s\u00e3o cedidos aos seus associados.<\/p>\n","protected":false},"author":1,"featured_media":0,"parent":0,"menu_order":0,"comment_status":"closed","ping_status":"closed","template":"","meta":{"site-sidebar-layout":"no-sidebar","site-content-layout":"","ast-site-content-layout":"full-width-container","site-content-style":"default","site-sidebar-style":"default","ast-global-header-display":"","ast-banner-title-visibility":"","ast-main-header-display":"","ast-hfb-above-header-display":"","ast-hfb-below-header-display":"","ast-hfb-mobile-header-display":"","site-post-title":"disabled","ast-breadcrumbs-content":"","ast-featured-img":"disabled","footer-sml-layout":"","theme-transparent-header-meta":"","adv-header-id-meta":"","stick-header-meta":"","header-above-stick-meta":"","header-main-stick-meta":"","header-below-stick-meta":"","astra-migrate-meta-layouts":"default","ast-page-background-enabled":"default","ast-page-background-meta":{"desktop":{"background-color":"var(--ast-global-color-4)","background-image":"","background-repeat":"repeat","background-position":"center center","background-size":"auto","background-attachment":"scroll","background-type":"","background-media":"","overlay-type":"","overlay-color":"","overlay-opacity":"","overlay-gradient":""},"tablet":{"background-color":"","background-image":"","background-repeat":"repeat","background-position":"center center","background-size":"auto","background-attachment":"scroll","background-type":"","background-media":"","overlay-type":"","overlay-color":"","overlay-opacity":"","overlay-gradient":""},"mobile":{"background-color":"","background-image":"","background-repeat":"repeat","background-position":"center center","background-size":"auto","background-attachment":"scroll","background-type":"","background-media":"","overlay-type":"","overlay-color":"","overlay-opacity":"","overlay-gradient":""}},"ast-content-background-meta":{"desktop":{"background-color":"var(--ast-global-color-5)","background-image":"","background-repeat":"repeat","background-position":"center center","background-size":"auto","background-attachment":"scroll","background-type":"","background-media":"","overlay-type":"","overlay-color":"","overlay-opacity":"","overlay-gradient":""},"tablet":{"background-color":"var(--ast-global-color-5)","background-image":"","background-repeat":"repeat","background-position":"center center","background-size":"auto","background-attachment":"scroll","background-type":"","background-media":"","overlay-type":"","overlay-color":"","overlay-opacity":"","overlay-gradient":""},"mobile":{"background-color":"var(--ast-global-color-5)","background-image":"","background-repeat":"repeat","background-position":"center center","background-size":"auto","background-attachment":"scroll","background-type":"","background-media":"","overlay-type":"","overlay-color":"","overlay-opacity":"","overlay-gradient":""}},"footnotes":""},"class_list":["post-50","page","type-page","status-publish","hentry"],"yoast_head":"<!-- This site is optimized with the Yoast SEO plugin v23.9 - https:\/\/yoast.com\/wordpress\/plugins\/seo\/ -->\n<title>Espa\u00e7os - AEFMUP<\/title>\n<meta name=\"robots\" content=\"index, follow, max-snippet:-1, max-image-preview:large, max-video-preview:-1\" \/>\n<link rel=\"canonical\" href=\"https:\/\/aefmup.pt\/?page_id=50\" \/>\n<meta property=\"og:locale\" content=\"pt_PT\" \/>\n<meta property=\"og:type\" content=\"article\" \/>\n<meta property=\"og:title\" content=\"Espa\u00e7os - AEFMUP\" \/>\n<meta property=\"og:description\" content=\"Espa\u00e7os A\u00a0AEFMUP est\u00e1 sediada no piso 01 do Hospital de S\u00e3o Jo\u00e3o, tendo a seu cargo a gest\u00e3o patrimonial do denominado \u201ccorredor da Associa\u00e7\u00e3o\u201d, onde est\u00e3o criados v\u00e1rios espa\u00e7os de servi\u00e7os, junto ao bar dos Servi\u00e7os de A\u00e7\u00e3o Social da Universidade do Porto, bem como as pr\u00f3prias instala\u00e7\u00f5es da AE, organizadas de acordo com o seguinte: Secretaria da AEFMUP\u00a0\u2013\u00a0Espa\u00e7o de atendimento aos estudantes e p\u00fablico em geral pela funcion\u00e1ria Idalina Chibante e onde \u00e9 efetuado o secretariado da AEFMUP. Sala Prof. Hern\u00e2ni Monteiro\u00a0\u2013\u00a0Sala de trabalho da Dire\u00e7\u00e3o. Local onde se processa o trabalho di\u00e1rio de organiza\u00e7\u00e3o de atividades, interven\u00e7\u00e3o pedag\u00f3gica e de gest\u00e3o patrimonial e financeira. Sala de Estudo Prof. Daniel Moura\u00a0\u2013 Local destinado aos estudantes da FMUP, aberto durante a semana. Sala de Estudo Prof. Doutor Joaquim Pinto Machado\u00a0\u2013\u00a0Local destinado aos estudantes da FMUP, aberto 24h por dia. Sal\u00e3o de Alunos\u00a0\u2013\u00a0Espa\u00e7o de lazer com cerca de 250m2\u00a0destinado aos alunos da FMUP. Videoteca\u00a0\u2013\u00a0Espa\u00e7o inserido no Sal\u00e3o de Alunos e equipado com material audiovisual. Corredor Comercial\u00a0\u2013\u00a0Corredor comercial gerido pela AEFMUP onde se podem encontrar um\u00a0centro de c\u00f3pias, um snack-bar, uma tipografia, um centro de fotografia e telecomunica\u00e7\u00f5es, uma seguradora e uma ourivesaria. Loja Editorial\u00a0\u2013\u00a0Loja da associa\u00e7\u00e3o onde s\u00e3o vendidas as sebentas did\u00e1ticas, material de apoio m\u00e9dico e ainda os diversos artigos de merchandising produzidos pelas Comiss\u00f5es de Curso. \u00c9 o local de trabalho da funcion\u00e1ria Marta Sousa. Cacifos\u00a0\u2013\u00a0Zona onde est\u00e3o localizados cerca de 400 cacifos, geridos pela AEFMUP e que s\u00e3o cedidos aos seus associados.\" \/>\n<meta property=\"og:url\" content=\"https:\/\/aefmup.pt\/?page_id=50\" \/>\n<meta property=\"og:site_name\" content=\"AEFMUP\" \/>\n<meta property=\"article:publisher\" content=\"https:\/\/www.facebook.com\/aefmup\/\" \/>\n<meta property=\"article:modified_time\" content=\"2024-08-18T17:33:08+00:00\" \/>\n<meta name=\"twitter:card\" content=\"summary_large_image\" \/>\n<meta name=\"twitter:label1\" content=\"Tempo estimado de leitura\" \/>\n\t<meta name=\"twitter:data1\" content=\"1 minuto\" \/>\n<script type=\"application\/ld+json\" class=\"yoast-schema-graph\">{\"@context\":\"https:\/\/schema.org\",\"@graph\":[{\"@type\":\"WebPage\",\"@id\":\"https:\/\/aefmup.pt\/?page_id=50\",\"url\":\"https:\/\/aefmup.pt\/?page_id=50\",\"name\":\"Espa\u00e7os - AEFMUP\",\"isPartOf\":{\"@id\":\"https:\/\/aefmup.pt\/#website\"},\"datePublished\":\"2024-08-18T17:12:13+00:00\",\"dateModified\":\"2024-08-18T17:33:08+00:00\",\"breadcrumb\":{\"@id\":\"https:\/\/aefmup.pt\/?page_id=50#breadcrumb\"},\"inLanguage\":\"pt-PT\",\"potentialAction\":[{\"@type\":\"ReadAction\",\"target\":[\"https:\/\/aefmup.pt\/?page_id=50\"]}]},{\"@type\":\"BreadcrumbList\",\"@id\":\"https:\/\/aefmup.pt\/?page_id=50#breadcrumb\",\"itemListElement\":[{\"@type\":\"ListItem\",\"position\":1,\"name\":\"In\u00edcio\",\"item\":\"https:\/\/aefmup.pt\/\"},{\"@type\":\"ListItem\",\"position\":2,\"name\":\"Espa\u00e7os\"}]},{\"@type\":\"WebSite\",\"@id\":\"https:\/\/aefmup.pt\/#website\",\"url\":\"https:\/\/aefmup.pt\/\",\"name\":\"AEFMUP\",\"description\":\"Associa\u00e7\u00e3o de Estudantes da Faculdade de Medicina da Universidade do Porto\",\"publisher\":{\"@id\":\"https:\/\/aefmup.pt\/#organization\"},\"potentialAction\":[{\"@type\":\"SearchAction\",\"target\":{\"@type\":\"EntryPoint\",\"urlTemplate\":\"https:\/\/aefmup.pt\/?s={search_term_string}\"},\"query-input\":{\"@type\":\"PropertyValueSpecification\",\"valueRequired\":true,\"valueName\":\"search_term_string\"}}],\"inLanguage\":\"pt-PT\"},{\"@type\":\"Organization\",\"@id\":\"https:\/\/aefmup.pt\/#organization\",\"name\":\"Associa\u00e7\u00e3o de Estudantes da Faculdade de Medicina da Universidade do Porto\",\"url\":\"https:\/\/aefmup.pt\/\",\"logo\":{\"@type\":\"ImageObject\",\"inLanguage\":\"pt-PT\",\"@id\":\"https:\/\/aefmup.pt\/#\/schema\/logo\/image\/\",\"url\":\"https:\/\/aefmup.pt\/wp-content\/uploads\/2024\/10\/AEFMUP_Coracao_Amarelo.png\",\"contentUrl\":\"https:\/\/aefmup.pt\/wp-content\/uploads\/2024\/10\/AEFMUP_Coracao_Amarelo.png\",\"width\":8000,\"height\":8000,\"caption\":\"Associa\u00e7\u00e3o de Estudantes da Faculdade de Medicina da Universidade do Porto\"},\"image\":{\"@id\":\"https:\/\/aefmup.pt\/#\/schema\/logo\/image\/\"},\"sameAs\":[\"https:\/\/www.facebook.com\/aefmup\/\",\"https:\/\/www.instagram.com\/aefmup\",\"https:\/\/www.linkedin.com\/company\/aefmup\/\"]}]}<\/script>\n<!-- \/ Yoast SEO plugin. -->","yoast_head_json":{"title":"Espa\u00e7os - AEFMUP","robots":{"index":"index","follow":"follow","max-snippet":"max-snippet:-1","max-image-preview":"max-image-preview:large","max-video-preview":"max-video-preview:-1"},"canonical":"https:\/\/aefmup.pt\/?page_id=50","og_locale":"pt_PT","og_type":"article","og_title":"Espa\u00e7os - AEFMUP","og_description":"Espa\u00e7os A\u00a0AEFMUP est\u00e1 sediada no piso 01 do Hospital de S\u00e3o Jo\u00e3o, tendo a seu cargo a gest\u00e3o patrimonial do denominado \u201ccorredor da Associa\u00e7\u00e3o\u201d, onde est\u00e3o criados v\u00e1rios espa\u00e7os de servi\u00e7os, junto ao bar dos Servi\u00e7os de A\u00e7\u00e3o Social da Universidade do Porto, bem como as pr\u00f3prias instala\u00e7\u00f5es da AE, organizadas de acordo com o seguinte: Secretaria da AEFMUP\u00a0\u2013\u00a0Espa\u00e7o de atendimento aos estudantes e p\u00fablico em geral pela funcion\u00e1ria Idalina Chibante e onde \u00e9 efetuado o secretariado da AEFMUP. Sala Prof. Hern\u00e2ni Monteiro\u00a0\u2013\u00a0Sala de trabalho da Dire\u00e7\u00e3o. Local onde se processa o trabalho di\u00e1rio de organiza\u00e7\u00e3o de atividades, interven\u00e7\u00e3o pedag\u00f3gica e de gest\u00e3o patrimonial e financeira. Sala de Estudo Prof. Daniel Moura\u00a0\u2013 Local destinado aos estudantes da FMUP, aberto durante a semana. Sala de Estudo Prof. Doutor Joaquim Pinto Machado\u00a0\u2013\u00a0Local destinado aos estudantes da FMUP, aberto 24h por dia. Sal\u00e3o de Alunos\u00a0\u2013\u00a0Espa\u00e7o de lazer com cerca de 250m2\u00a0destinado aos alunos da FMUP. Videoteca\u00a0\u2013\u00a0Espa\u00e7o inserido no Sal\u00e3o de Alunos e equipado com material audiovisual. Corredor Comercial\u00a0\u2013\u00a0Corredor comercial gerido pela AEFMUP onde se podem encontrar um\u00a0centro de c\u00f3pias, um snack-bar, uma tipografia, um centro de fotografia e telecomunica\u00e7\u00f5es, uma seguradora e uma ourivesaria. Loja Editorial\u00a0\u2013\u00a0Loja da associa\u00e7\u00e3o onde s\u00e3o vendidas as sebentas did\u00e1ticas, material de apoio m\u00e9dico e ainda os diversos artigos de merchandising produzidos pelas Comiss\u00f5es de Curso. \u00c9 o local de trabalho da funcion\u00e1ria Marta Sousa. Cacifos\u00a0\u2013\u00a0Zona onde est\u00e3o localizados cerca de 400 cacifos, geridos pela AEFMUP e que s\u00e3o cedidos aos seus associados.","og_url":"https:\/\/aefmup.pt\/?page_id=50","og_site_name":"AEFMUP","article_publisher":"https:\/\/www.facebook.com\/aefmup\/","article_modified_time":"2024-08-18T17:33:08+00:00","twitter_card":"summary_large_image","twitter_misc":{"Tempo estimado de leitura":"1 minuto"},"schema":{"@context":"https:\/\/schema.org","@graph":[{"@type":"WebPage","@id":"https:\/\/aefmup.pt\/?page_id=50","url":"https:\/\/aefmup.pt\/?page_id=50","name":"Espa\u00e7os - AEFMUP","isPartOf":{"@id":"https:\/\/aefmup.pt\/#website"},"datePublished":"2024-08-18T17:12:13+00:00","dateModified":"2024-08-18T17:33:08+00:00","breadcrumb":{"@id":"https:\/\/aefmup.pt\/?page_id=50#breadcrumb"},"inLanguage":"pt-PT","potentialAction":[{"@type":"ReadAction","target":["https:\/\/aefmup.pt\/?page_id=50"]}]},{"@type":"BreadcrumbList","@id":"https:\/\/aefmup.pt\/?page_id=50#breadcrumb","itemListElement":[{"@type":"ListItem","position":1,"name":"In\u00edcio","item":"https:\/\/aefmup.pt\/"},{"@type":"ListItem","position":2,"name":"Espa\u00e7os"}]},{"@type":"WebSite","@id":"https:\/\/aefmup.pt\/#website","url":"https:\/\/aefmup.pt\/","name":"AEFMUP","description":"Associa\u00e7\u00e3o de Estudantes da Faculdade de Medicina da Universidade do Porto","publisher":{"@id":"https:\/\/aefmup.pt\/#organization"},"potentialAction":[{"@type":"SearchAction","target":{"@type":"EntryPoint","urlTemplate":"https:\/\/aefmup.pt\/?s={search_term_string}"},"query-input":{"@type":"PropertyValueSpecification","valueRequired":true,"valueName":"search_term_string"}}],"inLanguage":"pt-PT"},{"@type":"Organization","@id":"https:\/\/aefmup.pt\/#organization","name":"Associa\u00e7\u00e3o de Estudantes da Faculdade de Medicina da Universidade do Porto","url":"https:\/\/aefmup.pt\/","logo":{"@type":"ImageObject","inLanguage":"pt-PT","@id":"https:\/\/aefmup.pt\/#\/schema\/logo\/image\/","url":"https:\/\/aefmup.pt\/wp-content\/uploads\/2024\/10\/AEFMUP_Coracao_Amarelo.png","contentUrl":"https:\/\/aefmup.pt\/wp-content\/uploads\/2024\/10\/AEFMUP_Coracao_Amarelo.png","width":8000,"height":8000,"caption":"Associa\u00e7\u00e3o de Estudantes da Faculdade de Medicina da Universidade do Porto"},"image":{"@id":"https:\/\/aefmup.pt\/#\/schema\/logo\/image\/"},"sameAs":["https:\/\/www.facebook.com\/aefmup\/","https:\/\/www.instagram.com\/aefmup","https:\/\/www.linkedin.com\/company\/aefmup\/"]}]}},"_links":{"self":[{"href":"https:\/\/aefmup.pt\/index.php?rest_route=\/wp\/v2\/pages\/50","targetHints":{"allow":["GET"]}}],"collection":[{"href":"https:\/\/aefmup.pt\/index.php?rest_route=\/wp\/v2\/pages"}],"about":[{"href":"https:\/\/aefmup.pt\/index.php?rest_route=\/wp\/v2\/types\/page"}],"author":[{"embeddable":true,"href":"https:\/\/aefmup.pt\/index.php?rest_route=\/wp\/v2\/users\/1"}],"replies":[{"embeddable":true,"href":"https:\/\/aefmup.pt\/index.php?rest_route=%2Fwp%2Fv2%2Fcomments&post=50"}],"version-history":[{"count":4,"href":"https:\/\/aefmup.pt\/index.php?rest_route=\/wp\/v2\/pages\/50\/revisions"}],"predecessor-version":[{"id":77,"href":"https:\/\/aefmup.pt\/index.php?rest_route=\/wp\/v2\/pages\/50\/revisions\/77"}],"wp:attachment":[{"href":"https:\/\/aefmup.pt\/index.php?rest_route=%2Fwp%2Fv2%2Fmedia&parent=50"}],"curies":[{"name":"wp","href":"https:\/\/api.w.org\/{rel}","templated":true}]}}